{"id":114,"date":"2020-04-07T15:54:03","date_gmt":"2020-04-07T15:54:03","guid":{"rendered":"http:\/\/ilia.uartes.edu.ec\/f-ilia\/?post_type=wpdmpro&#038;p=114"},"modified":"2022-08-01T20:09:50","modified_gmt":"2022-08-01T20:09:50","slug":"revista-n1-abril-septiembre-2020","status":"publish","type":"wpdmpro","link":"https:\/\/ilia.uartes.edu.ec\/f-ilia\/en\/download\/revista-n1-abril-septiembre-2020\/","title":{"rendered":"Revista N\u00b01 &#8211; Abril &#8211; Septiembre 2020"},"content":{"rendered":"<p>Hemos construido Revista F-ILIA de tal manera que resulte viable recrear la experiencia del debate p\u00fablico en el campo de la investigaci\u00f3n en artes. Esto es, no solo dar cuenta de sus distintas voces, sino de los m\u00faltiples modos en que aparecen. En esta publicaci\u00f3n creemos profundamente en el di\u00e1logo interdisciplinario, pero tambi\u00e9n entre distintos soportes y discursividades. En consecuencia, proponemos dos secciones: art\u00edculos y texturas.<\/p>","protected":false},"excerpt":{"rendered":"<p>Hemos construido Revista F-ILIA de tal manera que resulte viable recrear la experiencia del debate p\u00fablico en el campo de la investigaci\u00f3n en artes. Esto es, no solo dar cuenta de sus distintas voces, sino de los m\u00faltiples modos en que aparecen. En esta publicaci\u00f3n creemos profundamente en el di\u00e1logo interdisciplinario, pero tambi\u00e9n entre distintos [&hellip;]<\/p>\n","protected":false},"author":1,"featured_media":115,"comment_status":"open","ping_status":"closed","template":"","meta":{"_uag_custom_page_level_css":"","_monsterinsights_skip_tracking":false,"_monsterinsights_sitenote_active":false,"_monsterinsights_sitenote_note":"","_monsterinsights_sitenote_category":0,"cybocfi_hide_featured_image":"","__wpdm_changelog":[]},"wpdmcategory":[20],"wpdmtag":[],"class_list":["post-114","wpdmpro","type-wpdmpro","status-publish","has-post-thumbnail","hentry","wpdmcategory-ediciones"],"blocksy_meta":{"styles_descriptor":{"styles":{"desktop":"","tablet":"","mobile":""},"google_fonts":[],"version":6}},"uagb_featured_image_src":{"full":["https:\/\/ilia.uartes.edu.ec\/f-ilia\/wp-content\/uploads\/sites\/28\/2022\/08\/01-MARZO-2020-portada.jpg",1500,1941,false],"thumbnail":["https:\/\/ilia.uartes.edu.ec\/f-ilia\/wp-content\/uploads\/sites\/28\/2022\/08\/01-MARZO-2020-portada-150x150.jpg",150,150,true],"medium":["https:\/\/ilia.uartes.edu.ec\/f-ilia\/wp-content\/uploads\/sites\/28\/2022\/08\/01-MARZO-2020-portada-232x300.jpg",232,300,true],"medium_large":["https:\/\/ilia.uartes.edu.ec\/f-ilia\/wp-content\/uploads\/sites\/28\/2022\/08\/01-MARZO-2020-portada-768x994.jpg",768,994,true],"large":["https:\/\/ilia.uartes.edu.ec\/f-ilia\/wp-content\/uploads\/sites\/28\/2022\/08\/01-MARZO-2020-portada-791x1024.jpg",791,1024,true],"1536x1536":["https:\/\/ilia.uartes.edu.ec\/f-ilia\/wp-content\/uploads\/sites\/28\/2022\/08\/01-MARZO-2020-portada-1187x1536.jpg",1187,1536,true],"2048x2048":["https:\/\/ilia.uartes.edu.ec\/f-ilia\/wp-content\/uploads\/sites\/28\/2022\/08\/01-MARZO-2020-portada.jpg",1500,1941,false],"trp-custom-language-flag":["https:\/\/ilia.uartes.edu.ec\/f-ilia\/wp-content\/uploads\/sites\/28\/2022\/08\/01-MARZO-2020-portada.jpg",9,12,false],"tainacan-small":["https:\/\/ilia.uartes.edu.ec\/f-ilia\/wp-content\/uploads\/sites\/28\/2022\/08\/01-MARZO-2020-portada-40x40.jpg",40,40,true],"tainacan-medium":["https:\/\/ilia.uartes.edu.ec\/f-ilia\/wp-content\/uploads\/sites\/28\/2022\/08\/01-MARZO-2020-portada-275x275.jpg",275,275,true],"tainacan-medium-full":["https:\/\/ilia.uartes.edu.ec\/f-ilia\/wp-content\/uploads\/sites\/28\/2022\/08\/01-MARZO-2020-portada-205x265.jpg",205,265,true],"tainacan-large-full":["https:\/\/ilia.uartes.edu.ec\/f-ilia\/wp-content\/uploads\/sites\/28\/2022\/08\/01-MARZO-2020-portada.jpg",480,621,false]},"uagb_author_info":{"display_name":"Universidad de las Artes","author_link":"https:\/\/ilia.uartes.edu.ec\/f-ilia\/en\/author\/dircomadm\/"},"uagb_comment_info":0,"uagb_excerpt":"Hemos construido Revista F-ILIA de tal manera que resulte viable recrear la experiencia del debate p\u00fablico en el campo de la investigaci\u00f3n en artes. Esto es, no solo dar cuenta de sus distintas voces, sino de los m\u00faltiples modos en que aparecen. En esta publicaci\u00f3n creemos profundamente en el di\u00e1logo interdisciplinario, pero tambi\u00e9n entre distintos&hellip;","distributor_meta":false,"distributor_terms":false,"distributor_media":false,"distributor_original_site_name":"Revista F-ILIA - Investigaci\u00f3n, Arte y Memoria","distributor_original_site_url":"https:\/\/ilia.uartes.edu.ec\/f-ilia\/en","push-errors":false,"_links":{"self":[{"href":"https:\/\/ilia.uartes.edu.ec\/f-ilia\/en\/wp-json\/wp\/v2\/wpdmpro\/114","targetHints":{"allow":["GET"]}}],"collection":[{"href":"https:\/\/ilia.uartes.edu.ec\/f-ilia\/en\/wp-json\/wp\/v2\/wpdmpro"}],"about":[{"href":"https:\/\/ilia.uartes.edu.ec\/f-ilia\/en\/wp-json\/wp\/v2\/types\/wpdmpro"}],"author":[{"embeddable":true,"href":"https:\/\/ilia.uartes.edu.ec\/f-ilia\/en\/wp-json\/wp\/v2\/users\/1"}],"replies":[{"embeddable":true,"href":"https:\/\/ilia.uartes.edu.ec\/f-ilia\/en\/wp-json\/wp\/v2\/comments?post=114"}],"version-history":[{"count":0,"href":"https:\/\/ilia.uartes.edu.ec\/f-ilia\/en\/wp-json\/wp\/v2\/wpdmpro\/114\/revisions"}],"wp:featuredmedia":[{"embeddable":true,"href":"https:\/\/ilia.uartes.edu.ec\/f-ilia\/en\/wp-json\/wp\/v2\/media\/115"}],"wp:attachment":[{"href":"https:\/\/ilia.uartes.edu.ec\/f-ilia\/en\/wp-json\/wp\/v2\/media?parent=114"}],"wp:term":[{"taxonomy":"wpdmcategory","embeddable":true,"href":"https:\/\/ilia.uartes.edu.ec\/f-ilia\/en\/wp-json\/wp\/v2\/wpdmcategory?post=114"},{"taxonomy":"wpdmtag","embeddable":true,"href":"https:\/\/ilia.uartes.edu.ec\/f-ilia\/en\/wp-json\/wp\/v2\/wpdmtag?post=114"}],"curies":[{"name":"wp","href":"https:\/\/api.w.org\/{rel}","templated":true}]}}